{"id":1676,"date":"2024-08-27T16:29:37","date_gmt":"2024-08-27T14:29:37","guid":{"rendered":"https:\/\/osteoforte.de\/integritetspolicy\/"},"modified":"2024-08-27T16:29:40","modified_gmt":"2024-08-27T14:29:40","slug":"integritetspolicy","status":"publish","type":"page","link":"https:\/\/osteoforte.de\/sv\/integritetspolicy\/","title":{"rendered":"Integritetspolicy"},"content":{"rendered":"<section  class='av_textblock_section av-m0cil7p7-db1022015163efc8aa5ae3af03a94925 '   itemscope=\"itemscope\" itemtype=\"https:\/\/schema.org\/CreativeWork\" ><div class='avia_textblock'  itemprop=\"text\" ><p><strong>Vem vi \u00e4r<\/strong> Adressen till v\u00e5r webbplats <strong>\u00e4r:<\/strong> https:\/\/osteoforte.de. Det fullst\u00e4ndiga avtrycket finns p\u00e5<strong>https:\/\/www.amitamin.com\/impressumKommentare.<\/strong> N\u00e4r bes\u00f6kare skriver kommentarer p\u00e5 webbplatsen samlar vi in de uppgifter som visas i kommentarsformul\u00e4ret, bes\u00f6karens IP-adress och anv\u00e4ndaragentstr\u00e4ngen (som identifierar webbl\u00e4saren) f\u00f6r att hj\u00e4lpa till att uppt\u00e4cka skr\u00e4ppost.<br \/>\nEn anonymiserad teckenstr\u00e4ng (\u00e4ven k\u00e4nd som en hash) kan skapas fr\u00e5n din e-postadress och skickas till Gravatar-tj\u00e4nsten f\u00f6r att kontrollera om du anv\u00e4nder den.<br \/>\nDu kan hitta Gravatar-tj\u00e4nstens integritetspolicy h\u00e4r: https:\/\/automattic.com\/privacy\/. Efter att din kommentar har godk\u00e4nts kommer din profilbild att vara offentligt synlig i samband med din kommentar. <strong>Media<\/strong> Om du \u00e4r en registrerad anv\u00e4ndare och laddar upp foton till den h\u00e4r webbplatsen b\u00f6r du undvika att ladda upp foton med en EXIF GPS-plats.<br \/>\nBes\u00f6kare p\u00e5 denna webbplats kan ladda ner foton som lagras p\u00e5 denna webbplats och extrahera deras platsinformation. <strong>Cookies<\/strong> Om du skriver en kommentar p\u00e5 v\u00e5r webbplats kan detta utg\u00f6ra ett samtycke till att lagra ditt namn, din e-postadress och din webbplats i cookies.<br \/>\nDetta \u00e4r en bekv\u00e4mlighetsfunktion s\u00e5 att du inte beh\u00f6ver ange alla dessa uppgifter igen n\u00e4r du skriver en annan kommentar.<br \/>\nDessa cookies lagras i ett \u00e5r.<br \/>\nOm du har ett konto och loggar in p\u00e5 den h\u00e4r webbplatsen kommer vi att s\u00e4tta en tillf\u00e4llig cookie f\u00f6r att avg\u00f6ra om din webbl\u00e4sare accepterar cookies.<br \/>\nDen h\u00e4r cookien inneh\u00e5ller inga personuppgifter och raderas n\u00e4r du st\u00e4nger din webbl\u00e4sare.<br \/>\nN\u00e4r du loggar in kommer vi att s\u00e4tta upp n\u00e5gra cookies f\u00f6r att spara din inloggningsinformation och dina visningsalternativ.<br \/>\nInloggningscookies upph\u00f6r att g\u00e4lla efter tv\u00e5 dagar och cookies f\u00f6r visningsalternativ efter ett \u00e5r.<br \/>\nOm du v\u00e4ljer &#8221;F\u00f6rbli inloggad&#8221; n\u00e4r du loggar in kommer din inloggning att sparas i fjorton dagar.<br \/>\nN\u00e4r du loggar ut fr\u00e5n ditt konto raderas inloggningscookies.<br \/>\nOm du redigerar eller publicerar en artikel lagras ytterligare en cookie i din webbl\u00e4sare.<br \/>\nDenna cookie inneh\u00e5ller inga personuppgifter och h\u00e4nvisar endast till post-ID f\u00f6r den artikel som du just har redigerat.<br \/>\nCookien upph\u00f6r att g\u00e4lla efter en dag. <strong>Inb\u00e4ddat inneh\u00e5ll fr\u00e5n andra webbplatser<\/strong> Inl\u00e4gg p\u00e5 denna webbplats kan inneh\u00e5lla inb\u00e4ddat inneh\u00e5ll (t.ex. videor, bilder, artiklar etc.).<br \/>\nInb\u00e4ddat inneh\u00e5ll fr\u00e5n andra webbplatser beter sig precis som om bes\u00f6karen hade bes\u00f6kt den andra webbplatsen.<br \/>\nDessa webbplatser kan samla in uppgifter om dig, anv\u00e4nda cookies, b\u00e4dda in ytterligare sp\u00e5rningstj\u00e4nster fr\u00e5n tredje part och registrera din interaktion med detta inb\u00e4ddade inneh\u00e5ll, inklusive din interaktion med det inb\u00e4ddade inneh\u00e5llet om du har ett konto och \u00e4r inloggad p\u00e5 den webbplatsen. <strong>Vem vi delar dina uppgifter med<\/strong> Om du beg\u00e4r en \u00e5terst\u00e4llning av l\u00f6senordet kommer din IP-adress att ing\u00e5 i e-postmeddelandet om \u00e5terst\u00e4llning. <strong>Hur l\u00e4nge vi lagrar dina uppgifter<\/strong> Om du skriver en kommentar kommer den att lagras p\u00e5 obest\u00e4md tid, inklusive metadata.                 Detta g\u00f6r att vi automatiskt kan k\u00e4nna igen och godk\u00e4nna uppf\u00f6ljningskommentarer ist\u00e4llet f\u00f6r att h\u00e5lla dem i en modereringsk\u00f6.<br \/>\nF\u00f6r anv\u00e4ndare som registrerar sig p\u00e5 v\u00e5r webbplats lagrar vi ocks\u00e5 den personliga information som de tillhandah\u00e5ller i sina anv\u00e4ndarprofiler.<br \/>\nAlla anv\u00e4ndare kan n\u00e4r som helst se, \u00e4ndra eller radera sin personliga information (anv\u00e4ndarnamnet kan inte \u00e4ndras).<br \/>\nWebbplatsadministrat\u00f6rer kan ocks\u00e5 se och \u00e4ndra denna information. <strong>Vilka r\u00e4ttigheter du har \u00f6ver dina uppgifter<\/strong> Om du har ett konto p\u00e5 denna webbplats eller har skrivit kommentarer kan du beg\u00e4ra en export av dina personuppgifter fr\u00e5n oss, inklusive alla uppgifter du har l\u00e4mnat till oss.<br \/>\nDessutom kan du beg\u00e4ra radering av alla personuppgifter som vi har lagrat om dig.<br \/>\nDetta omfattar inte uppgifter som vi \u00e4r skyldiga att beh\u00e5lla av administrativa, juridiska eller s\u00e4kerhetssk\u00e4l. <strong>Dit vi skickar dina uppgifter<\/strong> Bes\u00f6kares kommentarer kan komma att analyseras av en automatiserad tj\u00e4nst f\u00f6r uppt\u00e4ckt av skr\u00e4ppost.       <\/p>\n<\/div><\/section>\n","protected":false},"excerpt":{"rendered":"","protected":false},"author":1,"featured_media":0,"parent":0,"menu_order":0,"comment_status":"closed","ping_status":"open","template":"","meta":{"footnotes":""},"class_list":["post-1676","page","type-page","status-publish","hentry"],"_links":{"self":[{"href":"https:\/\/osteoforte.de\/sv\/wp-json\/wp\/v2\/pages\/1676","targetHints":{"allow":["GET"]}}],"collection":[{"href":"https:\/\/osteoforte.de\/sv\/wp-json\/wp\/v2\/pages"}],"about":[{"href":"https:\/\/osteoforte.de\/sv\/wp-json\/wp\/v2\/types\/page"}],"author":[{"embeddable":true,"href":"https:\/\/osteoforte.de\/sv\/wp-json\/wp\/v2\/users\/1"}],"replies":[{"embeddable":true,"href":"https:\/\/osteoforte.de\/sv\/wp-json\/wp\/v2\/comments?post=1676"}],"version-history":[{"count":6,"href":"https:\/\/osteoforte.de\/sv\/wp-json\/wp\/v2\/pages\/1676\/revisions"}],"predecessor-version":[{"id":1688,"href":"https:\/\/osteoforte.de\/sv\/wp-json\/wp\/v2\/pages\/1676\/revisions\/1688"}],"wp:attachment":[{"href":"https:\/\/osteoforte.de\/sv\/wp-json\/wp\/v2\/media?parent=1676"}],"curies":[{"name":"wp","href":"https:\/\/api.w.org\/{rel}","templated":true}]}}